{"id":5471,"date":"2021-02-18T17:26:00","date_gmt":"2021-02-18T16:26:00","guid":{"rendered":"https:\/\/origen100x100.com\/?post_type=project&#038;p=5471"},"modified":"2021-04-22T17:29:15","modified_gmt":"2021-04-22T15:29:15","slug":"como-alegrar-tus-platos-de-verdura-facilmente-y-a-tu-gusto","status":"publish","type":"project","link":"https:\/\/origen100x100.com\/cat\/project\/como-alegrar-tus-platos-de-verdura-facilmente-y-a-tu-gusto\/","title":{"rendered":"Com donar-li \u201calegria\u201d als teus plats de verdura, f\u00e0cilment i al teu gust."},"content":{"rendered":"<p>[et_pb_section fb_built=\u00bb1&#8243; custom_padding_last_edited=\u00bbon|phone\u00bb admin_label=\u00bbTestimonials\u00bb _builder_version=\u00bb4.7.0&#8243; background_color_gradient_direction=\u00bb90deg\u00bb custom_margin_tablet=\u00bb\u00bb custom_margin_phone=\u00bb-8vw||||false|false\u00bb custom_margin_last_edited=\u00bbon|phone\u00bb custom_padding=\u00bb||0vw||false|false\u00bb custom_padding_tablet=\u00bb0vw||||false|false\u00bb custom_padding_phone=\u00bb\u00bb background_last_edited=\u00bbon|phone\u00bb background_color_gradient_start_position_phone=\u00bb95%\u00bb locked=\u00bboff\u00bb][et_pb_row _builder_version=\u00bb4.7.0&#8243;][et_pb_column type=\u00bb4_4&#8243; _builder_version=\u00bb4.7.0&#8243;][et_pb_post_title title=\u00bboff\u00bb author=\u00bboff\u00bb comments=\u00bboff\u00bb featured_image=\u00bboff\u00bb _builder_version=\u00bb4.7.0&#8243; meta_font=\u00bb|700||on|||||\u00bb meta_text_color=\u00bb#ffc077&#8243; meta_font_size=\u00bb12px\u00bb meta_letter_spacing=\u00bb1px\u00bb][\/et_pb_post_title][et_pb_post_title meta=\u00bboff\u00bb featured_image=\u00bboff\u00bb _builder_version=\u00bb4.7.0&#8243; title_font=\u00bbMontserrat|700|||||||\u00bb title_font_size=\u00bb64px\u00bb title_line_height=\u00bb1.2em\u00bb background_enable_color=\u00bboff\u00bb title_font_size_tablet=\u00bb50px\u00bb title_font_size_phone=\u00bb24px\u00bb title_font_size_last_edited=\u00bbon|desktop\u00bb locked=\u00bboff\u00bb][\/et_pb_post_title][et_pb_post_title title=\u00bboff\u00bb meta=\u00bboff\u00bb _builder_version=\u00bb4.7.0&#8243; title_font=\u00bbMontserrat|700|||||||\u00bb title_font_size=\u00bb64px\u00bb title_line_height=\u00bb1.2em\u00bb background_enable_color=\u00bboff\u00bb title_font_size_tablet=\u00bb50px\u00bb title_font_size_phone=\u00bb24px\u00bb title_font_size_last_edited=\u00bbon|desktop\u00bb border_radii=\u00bbon|10px|10px|10px|10px\u00bb locked=\u00bboff\u00bb][\/et_pb_post_title][et_pb_text _builder_version=\u00bb4.7.0&#8243; text_font=\u00bbMontserrat||||||||\u00bb text_text_color=\u00bb#2a2a2a\u00bb text_font_size=\u00bb39px\u00bb text_line_height=\u00bb1.1em\u00bb text_font_size_tablet=\u00bb36px\u00bb text_font_size_phone=\u00bb24px\u00bb text_font_size_last_edited=\u00bbon|desktop\u00bb]<\/p>\n<p><strong>Cada vegada som m\u00e9s les persones que gaudim amb un senzill plat de verdures bullides, amb un rajol\u00ed d\u2019oli i un polsim de sal. <\/strong><\/p>\n<p>[\/et_pb_text][\/et_pb_column][\/et_pb_row][\/et_pb_section][et_pb_section fb_built=\u00bb1&#8243; custom_padding_last_edited=\u00bbon|desktop\u00bb _builder_version=\u00bb4.7.0&#8243; custom_padding=\u00bb0vw||0vw||true|false\u00bb custom_padding_tablet=\u00bb\u00bb custom_padding_phone=\u00bb\u00bb][et_pb_row custom_padding_last_edited=\u00bbon|desktop\u00bb _builder_version=\u00bb4.7.0&#8243; custom_padding=\u00bb0vw||0vw||true|false\u00bb custom_padding_tablet=\u00bb\u00bb custom_padding_phone=\u00bb\u00bb][et_pb_column type=\u00bb4_4&#8243; _builder_version=\u00bb3.27.3&#8243;][et_pb_text _builder_version=\u00bb4.7.0&#8243; text_font_size=\u00bb17px\u00bb text_line_height=\u00bb1.4em\u00bb header_4_font=\u00bbMontserrat|600|||||||\u00bb header_4_font_size=\u00bb26px\u00bb header_4_line_height=\u00bb1.2em\u00bb text_orientation=\u00bbjustify\u00bb module_alignment=\u00bbleft\u00bb header_4_font_size_tablet=\u00bb\u00bb header_4_font_size_phone=\u00bb\u00bb header_4_font_size_last_edited=\u00bbon|desktop\u00bb text_text_align=\u00bbjustify\u00bb locked=\u00bboff\u00bb]<\/p>\n<p>I si, a m\u00e9s, s\u00f3n les verdures cuinades al buit d\u2019 <strong>Origen100x100<\/strong>, amb tot el seu sabor i practicitat (obrir, escalfar i menjar), encara molt millor per aquells dies que no tenim temps de cuinar.\n\nTot i amb aix\u00f2, segueix havent-hi molta gent que no menja la quantitat de verdures necess\u00e0ries per a seguir una dieta saludable, perqu\u00e8 prefereixen plats m\u00e9s gratificants pel seu paladar. A aquest col\u2022lectiu, que inclou les nostres nenes i nens, hem de trametre-li un missatge:<strong> Que obrin les seves neveres i els armaris del seu rebost i s\u2019atreveixin! Que inventin d\u2019acord amb els seus gustos!<\/strong>\u00a0<strong>\u00a1Que inventen seg\u00fan sus gustos!<\/strong> Que no tinguin por. Que provin... i descobriran un m\u00f3n en el que menjar verdures, \u00e9s perfectament compatible amb la satisfacci\u00f3 d\u2019un paladar que anhela sabors consistents. I aix\u00f2 amb el premi afegit de millorar la seva dieta i, conseq\u00fcentment, la seva salut.<\/p>\n<p>Per tal d\u2019afavorir aquest prop\u00f2sit,<em> no et donarem receptes de plats.<\/em> Tant sols <strong>et volem emp\u00e8nyer a trencar tab\u00fas a l\u2019hora de cuinar,<\/strong> at\u00e8s que no totes les receptes estan escrites i tu pots tenir l\u2019autoria de les moltes que manquen per escriure.<em> N\u2019hi ha per a tots els gustos.<\/em><\/p>\n<p>I posats a fer \u00fas de la gosadia i la creativitat, qu\u00e8 millor que l\u2019ampli camp de possibilitats que el que permeten les solucions f\u00e0cils, amb els recursos que tens a l\u2019abast, que s\u00f3n els ingredients i productes que acostumes a tenir al teu rebost o nevera. All\u00f2 que hi tens \u00e9s perqu\u00e8 t\u2019agrada. Doncs, si t\u2019agrada, endavant!<\/p>\n<p>[\/et_pb_text][\/et_pb_column][\/et_pb_row][\/et_pb_section][et_pb_section fb_built=\u00bb1&#8243; _builder_version=\u00bb4.7.0&#8243; custom_padding=\u00bb0vw||||false|false\u00bb][et_pb_row column_structure=\u00bb1_2,1_2&#8243; use_custom_gutter=\u00bbon\u00bb gutter_width=\u00bb1&#8243; make_equal=\u00bbon\u00bb _builder_version=\u00bb3.27.3&#8243;][et_pb_column type=\u00bb1_2&#8243; _builder_version=\u00bb3.27.3&#8243; background_color=\u00bbrgba(0,0,0,0.03)\u00bb z_index=\u00bb10&#8243; custom_padding=\u00bb140px|60px|60px|60px|false|true\u00bb custom_padding_tablet=\u00bb40px|40px|40px|40px|true|true\u00bb custom_padding_phone=\u00bb20px|20px|20px|20px|true|true\u00bb custom_padding_last_edited=\u00bbon|phone\u00bb][et_pb_text _builder_version=\u00bb4.7.0&#8243; text_font=\u00bbMontserrat|700|||||||\u00bb text_text_color=\u00bb#2a2a2a\u00bb text_font_size=\u00bb41px\u00bb text_line_height=\u00bb1.2em\u00bb text_orientation=\u00bbright\u00bb custom_margin=\u00bb|-130px|30px||false|false\u00bb custom_margin_tablet=\u00bb|0px|||false|false\u00bb custom_margin_phone=\u00bb\u00bb custom_margin_last_edited=\u00bbon|tablet\u00bb text_font_size_tablet=\u00bb36px\u00bb text_font_size_phone=\u00bb30px\u00bb text_font_size_last_edited=\u00bbon|desktop\u00bb text_text_align=\u00bbright\u00bb locked=\u00bboff\u00bb text_text_align_tablet=\u00bbleft\u00bb text_text_align_last_edited=\u00bbon|tablet\u00bb]<\/p>\n<p><strong>Atreveix-te a combinar-los amb qualsevol tipus de verdura.<\/strong><\/p>\n<p>[\/et_pb_text][et_pb_text _builder_version=\u00bb4.7.0&#8243; text_font_size=\u00bb17px\u00bb text_line_height=\u00bb1.4em\u00bb header_4_font_size=\u00bb26px\u00bb text_orientation=\u00bbjustify\u00bb max_width=\u00bb600px\u00bb module_alignment=\u00bbleft\u00bb header_4_font_size_tablet=\u00bb\u00bb header_4_font_size_phone=\u00bb\u00bb header_4_font_size_last_edited=\u00bbon|desktop\u00bb text_text_align=\u00bbjustify\u00bb locked=\u00bboff\u00bb]<\/p>\n<p><em>Per a encetar el cam\u00ed i animar-te a fer les primeres passes,<\/em> t\u2019oferim un llistat, que podria ser gaireb\u00e9 infinit de<strong> coses amb les que pots combinar les verdures que et vinguin m\u00e9s de gust.<\/strong><\/p>\n<p><strong> Som-hi!<\/strong><\/p>\n<p>[\/et_pb_text][\/et_pb_column][et_pb_column type=\u00bb1_2&#8243; _builder_version=\u00bb3.27.3&#8243; custom_padding=\u00bb70px||70px||true|false\u00bb][et_pb_image src=\u00bbhttps:\/\/origen100x100.com\/wp-content\/uploads\/2021\/02\/esparragos-blog-origen100x100.jpg\u00bb title_text=\u00bbesparragos-blog-origen100x100&#8243; _builder_version=\u00bb4.7.0&#8243;][\/et_pb_image][\/et_pb_column][\/et_pb_row][\/et_pb_section][et_pb_section fb_built=\u00bb1&#8243; custom_padding_last_edited=\u00bbon|desktop\u00bb _builder_version=\u00bb4.7.0&#8243; custom_padding=\u00bb0vw||0vw||true|false\u00bb custom_padding_tablet=\u00bb\u00bb custom_padding_phone=\u00bb\u00bb][et_pb_row custom_padding_last_edited=\u00bbon|desktop\u00bb _builder_version=\u00bb4.7.0&#8243; custom_padding=\u00bb0vw||||false|false\u00bb custom_padding_tablet=\u00bb\u00bb custom_padding_phone=\u00bb\u00bb][et_pb_column type=\u00bb4_4&#8243; _builder_version=\u00bb3.27.3&#8243;][et_pb_text _builder_version=\u00bb4.7.0&#8243; text_font=\u00bbMontserrat|700|||||||\u00bb text_text_color=\u00bb#2a2a2a\u00bb text_font_size=\u00bb41px\u00bb text_line_height=\u00bb1.2em\u00bb custom_margin=\u00bb||||false|false\u00bb custom_margin_tablet=\u00bb|0px|||false|false\u00bb custom_margin_phone=\u00bb\u00bb custom_margin_last_edited=\u00bbon|tablet\u00bb text_font_size_tablet=\u00bb36px\u00bb text_font_size_phone=\u00bb30px\u00bb text_font_size_last_edited=\u00bbon|desktop\u00bb text_text_align=\u00bbright\u00bb locked=\u00bboff\u00bb text_text_align_tablet=\u00bbleft\u00bb text_text_align_last_edited=\u00bbon|tablet\u00bb]<\/p>\n<p>Ingredients i\/o procediments amb els que pots enriquir unes verdures senzillament bullides:<\/p>\n<p>[\/et_pb_text][\/et_pb_column][\/et_pb_row][et_pb_row column_structure=\u00bb1_2,1_2&#8243; custom_padding_last_edited=\u00bbon|desktop\u00bb _builder_version=\u00bb4.7.0&#8243; custom_padding=\u00bb0vw||||false|false\u00bb custom_padding_tablet=\u00bb\u00bb custom_padding_phone=\u00bb\u00bb][et_pb_column type=\u00bb1_2&#8243; _builder_version=\u00bb3.27.3&#8243;][et_pb_text _builder_version=\u00bb4.7.0&#8243; text_font_size=\u00bb17px\u00bb text_line_height=\u00bb1.4em\u00bb header_4_font=\u00bbMontserrat|600|||||||\u00bb header_4_font_size=\u00bb26px\u00bb header_4_line_height=\u00bb1.2em\u00bb text_orientation=\u00bbjustify\u00bb module_alignment=\u00bbleft\u00bb header_4_font_size_tablet=\u00bb\u00bb header_4_font_size_phone=\u00bb\u00bb header_4_font_size_last_edited=\u00bbon|desktop\u00bb text_text_align=\u00bbjustify\u00bb locked=\u00bboff\u00bb]<\/p>\n<ul>\n<li>\u00a0<span>Saltar-les amb alls.<\/span><\/li>\n<li><span>Amanir-les amb pebre vermell, dol\u00e7 o picant, o amb barreja d\u2019ambd\u00f3s.<\/span><\/li>\n<li><span>Fruits secs triturats o molts.<\/span><\/li>\n<li><span>Vinagreta de llimona i mil vinagretes m\u00e9s.<\/span><\/li>\n<li><span>Oli amb un pessic de mostassa.<\/span><\/li>\n<li><span>Iogurt sol o barrejat amb llimona, mel o llavors.<\/span><\/li>\n<li><span>Curri.<\/span><\/li>\n<li><span>Un rajol\u00ed de vinagre (Xer\u00e8s, M\u00f2dena, poma...), que amb les bledes combina molt b\u00e9.<\/span><\/li>\n<li><span>Qualsevol mena de llavors i\/o germinats.<\/span><\/li>\n<li><span>All-i-oli, barrejant una miqueta amb un rajol\u00ed d\u2019oli.<\/span><\/li>\n<li><span>Salsa romesco o de cal\u00e7ots.<\/span><\/li>\n<li><span>Salsa de tom\u00e0quet.<\/span><\/li>\n<li><span>Pesto.<\/span><\/li>\n<li><span>Maonesa.<\/span><\/li>\n<li><span>Barrejades amb samfaina.<\/span><\/li>\n<li><span>Salsa C\u00e8sar.<\/span><\/li>\n<li><span>Saltades amb un mica de mantega.<\/span><\/li>\n<\/ul>\n<p>[\/et_pb_text][\/et_pb_column][et_pb_column type=\u00bb1_2&#8243; _builder_version=\u00bb3.27.3&#8243;][et_pb_text _builder_version=\u00bb4.7.0&#8243; text_font_size=\u00bb17px\u00bb text_line_height=\u00bb1.4em\u00bb header_4_font=\u00bbMontserrat|600|||||||\u00bb header_4_font_size=\u00bb26px\u00bb header_4_line_height=\u00bb1.2em\u00bb text_orientation=\u00bbjustify\u00bb module_alignment=\u00bbleft\u00bb header_4_font_size_tablet=\u00bb\u00bb header_4_font_size_phone=\u00bb\u00bb header_4_font_size_last_edited=\u00bbon|desktop\u00bb text_text_align=\u00bbjustify\u00bb locked=\u00bboff\u00bb]<\/p>\n<ul>\n<li><span>Rodelles d\u2019olives negres.<\/span><\/li>\n<li><span>Blat de moro picat, pipes pelades.<\/span><\/li>\n<li><span>Salsa de Soja.<\/span><\/li>\n<li><span>Formatges: parmes\u00e0 en pols; daus de Feta...<\/span><\/li>\n<li><span>Saltades amb encenalls de pernil, cecina...<\/span><\/li>\n<li><span>Herbes arom\u00e0tiques.<\/span><\/li>\n<li><span>Gratinades amb beixamel i formatge fos.<\/span><\/li>\n<li><span>Amb bocinets d\u2019anxoves.<\/span><\/li>\n<li><span>Ou dur trossejat o a rodelles.<\/span><\/li>\n<li><span>Trossets de pollastre saltat o a la planxa, amb pebre negre o curri.<\/span><\/li>\n<li><span>Arr\u00f2s blanc, integral, quinoa...<\/span><\/li>\n<\/ul>\n<p><span>I suma i segueix...<\/span><\/p>\n<p>[\/et_pb_text][\/et_pb_column][\/et_pb_row][et_pb_row column_structure=\u00bb3_5,2_5&#8243; _builder_version=\u00bb4.7.0&#8243; _module_preset=\u00bbdefault\u00bb][et_pb_column type=\u00bb3_5&#8243; _builder_version=\u00bb4.7.0&#8243; _module_preset=\u00bbdefault\u00bb][et_pb_text _builder_version=\u00bb4.7.0&#8243; text_font_size=\u00bb17px\u00bb text_line_height=\u00bb1.4em\u00bb header_4_font=\u00bbMontserrat|600|||||||\u00bb header_4_font_size=\u00bb26px\u00bb header_4_line_height=\u00bb1.2em\u00bb header_5_font_size=\u00bb24px\u00bb header_5_line_height=\u00bb1.3em\u00bb text_orientation=\u00bbjustify\u00bb module_alignment=\u00bbleft\u00bb header_4_font_size_tablet=\u00bb\u00bb header_4_font_size_phone=\u00bb\u00bb header_4_font_size_last_edited=\u00bbon|desktop\u00bb text_text_align=\u00bbjustify\u00bb locked=\u00bboff\u00bb]<\/p>\n<p><strong>Sense m\u00e9s l\u00edmits que els de la teva imaginaci\u00f3 i dels ingredients que tinguis a l\u2019abast,<\/strong> fes proves i ben segur que, gaireb\u00e9 sense feina, descobrir\u00e0s alguna combinaci\u00f3 que t\u2019acompanyar\u00e0 molt de temps en la teva dieta i far\u00e0 que consumeixis m\u00e9s verdures... cosa que la teva salut t\u2019agrair\u00e0.<strong>. <\/strong><\/p>\n<p>[\/et_pb_text][et_pb_text _builder_version=\u00bb4.7.0&#8243; text_font=\u00bbMontserrat|700|||||||\u00bb text_text_color=\u00bb#2a2a2a\u00bb text_font_size=\u00bb41px\u00bb text_line_height=\u00bb1.2em\u00bb custom_margin=\u00bb|-130px|30px||false|false\u00bb custom_margin_tablet=\u00bb|0px|||false|false\u00bb custom_margin_phone=\u00bb\u00bb custom_margin_last_edited=\u00bbon|tablet\u00bb text_font_size_tablet=\u00bb36px\u00bb text_font_size_phone=\u00bb30px\u00bb text_font_size_last_edited=\u00bbon|desktop\u00bb text_text_align=\u00bbright\u00bb locked=\u00bboff\u00bb text_text_align_tablet=\u00bbleft\u00bb text_text_align_last_edited=\u00bbon|tablet\u00bb]<\/p>\n<p><strong>Salut!<\/strong><\/p>\n<p>[\/et_pb_text][\/et_pb_column][et_pb_column type=\u00bb2_5&#8243; _builder_version=\u00bb4.7.0&#8243; _module_preset=\u00bbdefault\u00bb][\/et_pb_column][\/et_pb_row][\/et_pb_section][et_pb_section fb_built=\u00bb1&#8243; _builder_version=\u00bb4.7.0&#8243; _module_preset=\u00bbdefault\u00bb][et_pb_row _builder_version=\u00bb4.7.0&#8243; _module_preset=\u00bbdefault\u00bb][et_pb_column type=\u00bb4_4&#8243; _builder_version=\u00bb4.7.0&#8243; _module_preset=\u00bbdefault\u00bb][et_pb_blog fullwidth=\u00bboff\u00bb post_type=\u00bbproject\u00bb posts_number=\u00bb3&#8243; excerpt_length=\u00bb100&#8243; show_more=\u00bbon\u00bb show_author=\u00bboff\u00bb show_pagination=\u00bboff\u00bb _builder_version=\u00bb4.7.0&#8243; _module_preset=\u00bbdefault\u00bb header_level=\u00bbh4&#8243; header_font=\u00bbMontserrat|700|||||||\u00bb header_font_size=\u00bb20px\u00bb header_line_height=\u00bb1.4em\u00bb body_font=\u00bb||||||||\u00bb body_text_align=\u00bbleft\u00bb body_text_color=\u00bb#000000&#8243; body_line_height=\u00bb1.5em\u00bb meta_font=\u00bbMontserrat|600|||||||\u00bb meta_text_color=\u00bb#000000&#8243; meta_line_height=\u00bb1.4em\u00bb read_more_font=\u00bb|700|||||||\u00bb pagination_font=\u00bb||||||||\u00bb pagination_font_size=\u00bb0px\u00bb pagination_line_height=\u00bb0em\u00bb border_width_all=\u00bb0px\u00bb border_radii_image=\u00bbon|10px|10px|10px|10px\u00bb border_radii__hover=\u00bbon||||\u00bb border_radii__hover_enabled=\u00bbon||||\u00bb border_radii_fullwidth__hover=\u00bbon||||\u00bb border_radii_fullwidth__hover_enabled=\u00bbon||||\u00bb][\/et_pb_blog][\/et_pb_column][\/et_pb_row][\/et_pb_section]<\/p>","protected":false},"excerpt":{"rendered":"<p>Cada d\u00eda somos m\u00e1s los que disfrutamos con un simple plato de verduras hervidas, con un chorrito de buen aceite y una pizca de sal. Y si, adem\u00e1s, son las cocinadas al vac\u00edo de Origen100x100, con todo su sabor y practicidad (abrir, calentar y listo), pues doblemente fant\u00e1stico para los d\u00edas que no tenemos tiempo [&hellip;]<\/p>","protected":false},"author":3,"featured_media":4856,"comment_status":"closed","ping_status":"closed","template":"","meta":{"_acf_changed":false,"_et_pb_use_builder":"on","_et_pb_old_content":"","_et_gb_content_width":"","rank_math_lock_modified_date":false,"inline_featured_image":false,"footnotes":""},"project_category":[30],"project_tag":[],"class_list":["post-5471","project","type-project","status-publish","has-post-thumbnail","hentry","project_category-trucos"],"acf":[],"_links":{"self":[{"href":"https:\/\/origen100x100.com\/cat\/wp-json\/wp\/v2\/project\/5471"}],"collection":[{"href":"https:\/\/origen100x100.com\/cat\/wp-json\/wp\/v2\/project"}],"about":[{"href":"https:\/\/origen100x100.com\/cat\/wp-json\/wp\/v2\/types\/project"}],"author":[{"embeddable":true,"href":"https:\/\/origen100x100.com\/cat\/wp-json\/wp\/v2\/users\/3"}],"replies":[{"embeddable":true,"href":"https:\/\/origen100x100.com\/cat\/wp-json\/wp\/v2\/comments?post=5471"}],"version-history":[{"count":0,"href":"https:\/\/origen100x100.com\/cat\/wp-json\/wp\/v2\/project\/5471\/revisions"}],"wp:featuredmedia":[{"embeddable":true,"href":"https:\/\/origen100x100.com\/cat\/wp-json\/wp\/v2\/media\/4856"}],"wp:attachment":[{"href":"https:\/\/origen100x100.com\/cat\/wp-json\/wp\/v2\/media?parent=5471"}],"wp:term":[{"taxonomy":"project_category","embeddable":true,"href":"https:\/\/origen100x100.com\/cat\/wp-json\/wp\/v2\/project_category?post=5471"},{"taxonomy":"project_tag","embeddable":true,"href":"https:\/\/origen100x100.com\/cat\/wp-json\/wp\/v2\/project_tag?post=5471"}],"curies":[{"name":"wp","href":"https:\/\/api.w.org\/{rel}","templated":true}]}}