{"id":3387,"date":"2020-12-21T10:58:59","date_gmt":"2020-12-21T10:58:59","guid":{"rendered":"https:\/\/origen100x100.com\/?post_type=project&#038;p=3387"},"modified":"2021-02-17T11:18:27","modified_gmt":"2021-02-17T10:18:27","slug":"ensalada-de-judias-verdes","status":"publish","type":"project","link":"https:\/\/origen100x100.com\/cat\/project\/ensalada-de-judias-verdes\/","title":{"rendered":"Amanida de Mongeta Tendra"},"content":{"rendered":"<p>[et_pb_section fb_built=\u00bb1&#8243; custom_padding_last_edited=\u00bbon|phone\u00bb admin_label=\u00bbAbout Recipe\u00bb _builder_version=\u00bb4.7.0&#8243; background_enable_image=\u00bboff\u00bb background_size=\u00bbinitial\u00bb custom_padding=\u00bb90px|0px|0vw|0px|false|false\u00bb custom_padding_tablet=\u00bb0vw||0px||false|false\u00bb custom_padding_phone=\u00bb\u00bb][et_pb_row column_structure=\u00bb1_2,1_2&#8243; admin_label=\u00bbRecipe Introduction Row\u00bb _builder_version=\u00bb4.7.0&#8243; custom_padding=\u00bb|||\u00bb][et_pb_column type=\u00bb1_2&#8243; _builder_version=\u00bb3.25&#8243; custom_padding=\u00bb|||\u00bb custom_padding__hover=\u00bb|||\u00bb][et_pb_text admin_label=\u00bbTitle\u00bb _builder_version=\u00bb4.7.0&#8243; _dynamic_attributes=\u00bbcontent\u00bb text_font=\u00bbMontserrat||||||||\u00bb text_text_color=\u00bb#1e1e1e\u00bb text_font_size=\u00bb22px\u00bb text_line_height=\u00bb1.8em\u00bb link_text_color=\u00bb#000000&#8243; header_font=\u00bbMontserrat|700|||||||\u00bb header_font_size=\u00bb64px\u00bb header_3_font=\u00bbMontserrat|600|||||||\u00bb header_3_font_size=\u00bb36px\u00bb header_3_line_height=\u00bb1.4em\u00bb custom_margin=\u00bb||15px|\u00bb animation_direction=\u00bbleft\u00bb header_font_size_tablet=\u00bb\u00bb header_font_size_phone=\u00bb35px\u00bb header_font_size_last_edited=\u00bbon|desktop\u00bb]@ET-DC@eyJkeW5hbWljIjp0cnVlLCJjb250ZW50IjoicG9zdF9jYXRlZ29yaWVzIiwic2V0dGluZ3MiOnsiYmVmb3JlIjoiIiwiYWZ0ZXIiOiIiLCJsaW5rX3RvX3Rlcm1fcGFnZSI6Im9uIiwic2VwYXJhdG9yIjoiIHwgIiwiY2F0ZWdvcnlfdHlwZSI6InByb2plY3RfY2F0ZWdvcnkifX0=@[\/et_pb_text][et_pb_text admin_label=\u00bbTitle\u00bb _builder_version=\u00bb4.7.0&#8243; text_font=\u00bbMontserrat||||||||\u00bb text_text_color=\u00bb#1e1e1e\u00bb text_font_size=\u00bb22px\u00bb text_line_height=\u00bb1.8em\u00bb header_font=\u00bbMontserrat|700|||||||\u00bb header_font_size=\u00bb60px\u00bb header_3_font=\u00bbMontserrat|600|||||||\u00bb header_3_font_size=\u00bb36px\u00bb header_3_line_height=\u00bb1.4em\u00bb custom_margin=\u00bb||15px|\u00bb animation_direction=\u00bbleft\u00bb header_font_size_tablet=\u00bb\u00bb header_font_size_phone=\u00bb35px\u00bb header_font_size_last_edited=\u00bbon|desktop\u00bb]<\/p>\n<h1><strong>Amanida de Mongeta Tendra <\/strong><\/h1>\n<p>[\/et_pb_text][et_pb_divider color=\u00bb#cccccc\u00bb divider_weight=\u00bb2px\u00bb _builder_version=\u00bb3.2&#8243; max_width=\u00bb80px\u00bb max_width_tablet=\u00bb150px\u00bb max_width_phone=\u00bb150px\u00bb max_width_last_edited=\u00bboff|desktop\u00bb animation_direction=\u00bbleft\u00bb][\/et_pb_divider][et_pb_text _builder_version=\u00bb4.7.0&#8243; text_font_size=\u00bb17px\u00bb text_line_height=\u00bb1.2em\u00bb link_text_color=\u00bb#000000&#8243; header_4_font=\u00bbMontserrat|600|||||||\u00bb header_4_font_size=\u00bb26px\u00bb header_4_line_height=\u00bb1.2em\u00bb header_5_font=\u00bbMontserrat|700|||||||\u00bb header_5_font_size=\u00bb18px\u00bb text_orientation=\u00bbjustify\u00bb module_alignment=\u00bbleft\u00bb custom_padding=\u00bb||1vw||false|false\u00bb text_font_size_tablet=\u00bb\u00bb text_font_size_phone=\u00bb\u00bb text_font_size_last_edited=\u00bbon|desktop\u00bb header_4_font_size_tablet=\u00bb\u00bb header_4_font_size_phone=\u00bb\u00bb header_4_font_size_last_edited=\u00bbon|desktop\u00bb]<\/p>\n<h5>A qui no li ve de gust una bona amanida?<\/h5>\n<h5>\u00c9s un acompanyament fresc, sa i nutritiu, que combina a la perfecci\u00f3 amb qualsevol menjar. \u00c9s, a m\u00e9s, un plat molt f\u00e0cil de preparar.<\/h5>\n<p>Avui et portem una recepta original i molt gustosa: <strong>amanida de mongeta tendra<\/strong> Aquest plat inclou altres complements que et faran gaudir de cada bocada que facis. Aquesta amanida \u00e9s un acompanyament diferent... <em>per a qu\u00e8 despr\u00e9s diguin que les amanides s\u00f3n avorrides!<\/em><\/p>\n<p>Cal tenir en compte <strong>las<a href=\"https:\/\/origen100x100.com\/cat\/producte\/judia-verde\/\"> que les mongetes tendres<\/a> s\u00f3n una font important de fibra i vitamina C.<\/strong> Fent servir les nostres <a href=\"https:\/\/origen100x100.com\/cat\/producte\/judia-verde\/\">mongetes cuinades al buit,<\/a> t\u2019assegurar\u00e0s que els aliments conserven totes les seves propietats i nutrients. Juntament amb les mongetes, per a aquesta recepta necessitar\u00e0s els ingredients<strong> que et detallem.<\/strong><\/p>\n<p>[\/et_pb_text][\/et_pb_column][et_pb_column type=\u00bb1_2&#8243; _builder_version=\u00bb3.25&#8243; custom_padding=\u00bb|||\u00bb custom_padding__hover=\u00bb|||\u00bb][et_pb_image src=\u00bbhttps:\/\/origen100x100.com\/wp-content\/uploads\/2020\/12\/ensalada-judias-verders-receta-origen100x100.jpg\u00bb title_text=\u00bbensalada-judias-verders-receta-origen100x100&#8243; force_fullwidth=\u00bbon\u00bb align_tablet=\u00bbcenter\u00bb align_phone=\u00bb\u00bb align_last_edited=\u00bbon|desktop\u00bb _builder_version=\u00bb4.7.0&#8243; animation_direction=\u00bbright\u00bb border_radii=\u00bbon|10px|10px|10px|10px\u00bb][\/et_pb_image][\/et_pb_column][\/et_pb_row][et_pb_row column_structure=\u00bb1_2,1_2&#8243; _builder_version=\u00bb4.7.0&#8243; _module_preset=\u00bbdefault\u00bb][et_pb_column type=\u00bb1_2&#8243; _builder_version=\u00bb4.7.0&#8243; _module_preset=\u00bbdefault\u00bb][et_pb_text admin_label=\u00bbTitle\u00bb _builder_version=\u00bb4.7.0&#8243; text_font=\u00bbMontserrat|700|||||||\u00bb text_text_color=\u00bb#1e1e1e\u00bb text_font_size=\u00bb35px\u00bb animation_direction=\u00bbleft\u00bb text_font_size_tablet=\u00bb\u00bb text_font_size_phone=\u00bb27px\u00bb text_font_size_last_edited=\u00bbon|desktop\u00bb]<\/p>\n<p>Ingredients:<\/p>\n<p>[\/et_pb_text][et_pb_divider color=\u00bb#cccccc\u00bb divider_weight=\u00bb2px\u00bb _builder_version=\u00bb4.7.0&#8243; max_width=\u00bb80px\u00bb max_width_tablet=\u00bb150px\u00bb max_width_phone=\u00bb150px\u00bb max_width_last_edited=\u00bboff|desktop\u00bb custom_margin=\u00bb||0vw||false|false\u00bb animation_direction=\u00bbleft\u00bb][\/et_pb_divider][et_pb_text _builder_version=\u00bb4.7.0&#8243; text_font_size=\u00bb17px\u00bb text_line_height=\u00bb1.1em\u00bb link_text_color=\u00bb#000000&#8243; header_4_font=\u00bbMontserrat|600|||||||\u00bb header_4_font_size=\u00bb26px\u00bb header_4_line_height=\u00bb1.2em\u00bb module_alignment=\u00bbleft\u00bb header_4_font_size_tablet=\u00bb\u00bb header_4_font_size_phone=\u00bb\u00bb header_4_font_size_last_edited=\u00bbon|desktop\u00bb]<\/p>\n<ul class=\"rd_ingredients\">\n<li><a href=\"https:\/\/origen100x100.com\/cat\/producte\/judia-verde\/\" target=\"_blank\" rel=\"noopener noreferrer\"><strong>1 paquet de Mongeta Tendra Origen 100x100<\/strong><\/a><\/li>\n<li><strong>Tom\u00e0quet (segons mida i gust de cadasc\u00fa)<\/strong><\/li>\n<li><strong>1 grapat d\u2019olives negres<\/strong><\/li>\n<li><strong>1 o 2 bitxos (tipus \u201cpiparra\u201d basca)<\/strong><\/li>\n<li><strong>Formatge Feta<\/strong><\/li>\n<\/ul>\n<p>[\/et_pb_text][\/et_pb_column][et_pb_column type=\u00bb1_2&#8243; _builder_version=\u00bb4.7.0&#8243; _module_preset=\u00bbdefault\u00bb][et_pb_text admin_label=\u00bbTitle\u00bb _builder_version=\u00bb4.7.0&#8243; text_font=\u00bbMontserrat|700|||||||\u00bb text_text_color=\u00bb#1e1e1e\u00bb text_font_size=\u00bb35px\u00bb animation_direction=\u00bbleft\u00bb text_font_size_tablet=\u00bb\u00bb text_font_size_phone=\u00bb27px\u00bb text_font_size_last_edited=\u00bbon|desktop\u00bb]<\/p>\n<p>Preparaci\u00f3:<\/p>\n<p>[\/et_pb_text][et_pb_divider color=\u00bb#cccccc\u00bb divider_weight=\u00bb2px\u00bb _builder_version=\u00bb4.7.0&#8243; max_width=\u00bb80px\u00bb max_width_tablet=\u00bb150px\u00bb max_width_phone=\u00bb150px\u00bb max_width_last_edited=\u00bboff|desktop\u00bb custom_margin=\u00bb||0vw||false|false\u00bb animation_direction=\u00bbleft\u00bb][\/et_pb_divider][et_pb_text _builder_version=\u00bb4.7.0&#8243; text_font_size=\u00bb17px\u00bb text_line_height=\u00bb1.4em\u00bb header_4_font=\u00bbMontserrat|600|||||||\u00bb header_4_font_size=\u00bb26px\u00bb header_4_line_height=\u00bb1.2em\u00bb module_alignment=\u00bbleft\u00bb hover_enabled=\u00bb0&#8243; header_4_font_size_tablet=\u00bb\u00bb header_4_font_size_phone=\u00bb\u00bb header_4_font_size_last_edited=\u00bbon|desktop\u00bb sticky_enabled=\u00bb0&#8243;]<\/p>\n<ul>\n<li><strong>Tallar el tom\u00e0quet i el formatge a daus petits, barrejar tots els ingredients i afegir-li l'amaniment.<\/strong><\/li>\n<li><strong>Amaniment:<\/strong> L'hem amanit amb ralladura de <strong>llimona, ametlles triturades, coriandre<\/strong> (es pot substituir amb alguna altra herba arom\u00e0tica), <strong>sal, pebre i oli d'oliva. \u00a0<\/strong>\n<p>&nbsp;<\/p>\n<\/li>\n<\/ul>\n<p>[\/et_pb_text][\/et_pb_column][\/et_pb_row][\/et_pb_section][et_pb_section fb_built=\u00bb1&#8243; _builder_version=\u00bb4.7.0&#8243; _module_preset=\u00bbdefault\u00bb custom_padding=\u00bb||||false|false\u00bb][et_pb_row _builder_version=\u00bb4.7.0&#8243; _module_preset=\u00bbdefault\u00bb][et_pb_column type=\u00bb4_4&#8243; _builder_version=\u00bb4.7.0&#8243; _module_preset=\u00bbdefault\u00bb][et_pb_blog fullwidth=\u00bboff\u00bb post_type=\u00bbproject\u00bb posts_number=\u00bb3&#8243; excerpt_length=\u00bb100&#8243; show_more=\u00bbon\u00bb show_author=\u00bboff\u00bb show_pagination=\u00bboff\u00bb _builder_version=\u00bb4.7.0&#8243; _module_preset=\u00bbdefault\u00bb header_level=\u00bbh4&#8243; header_font=\u00bbMontserrat|700|||||||\u00bb header_font_size=\u00bb20px\u00bb header_line_height=\u00bb1.4em\u00bb body_font=\u00bb||||||||\u00bb body_text_align=\u00bbleft\u00bb body_text_color=\u00bb#000000&#8243; body_line_height=\u00bb1.5em\u00bb meta_font=\u00bbMontserrat|600|||||||\u00bb meta_text_color=\u00bb#000000&#8243; meta_line_height=\u00bb1.4em\u00bb read_more_font=\u00bb|700|||||||\u00bb pagination_font=\u00bb||||||||\u00bb pagination_font_size=\u00bb0px\u00bb pagination_line_height=\u00bb0em\u00bb border_width_all=\u00bb0px\u00bb border_radii_image=\u00bbon|10px|10px|10px|10px\u00bb border_radii__hover=\u00bbon||||\u00bb border_radii__hover_enabled=\u00bbon||||\u00bb border_radii_fullwidth__hover=\u00bbon||||\u00bb border_radii_fullwidth__hover_enabled=\u00bbon||||\u00bb][\/et_pb_blog][\/et_pb_column][\/et_pb_row][\/et_pb_section]<\/p>","protected":false},"excerpt":{"rendered":"<p>Hoy os dejamos una idea de ensalada refrescante que pod\u00e9is hacer con nuestras jud\u00edas tiernas. <\/p>","protected":false},"author":3,"featured_media":3390,"comment_status":"open","ping_status":"closed","template":"","meta":{"_acf_changed":false,"_et_pb_use_builder":"on","_et_pb_old_content":"","_et_gb_content_width":"","rank_math_lock_modified_date":false,"inline_featured_image":false,"footnotes":""},"project_category":[28],"project_tag":[],"class_list":["post-3387","project","type-project","status-publish","has-post-thumbnail","hentry","project_category-recetas"],"acf":[],"_links":{"self":[{"href":"https:\/\/origen100x100.com\/cat\/wp-json\/wp\/v2\/project\/3387"}],"collection":[{"href":"https:\/\/origen100x100.com\/cat\/wp-json\/wp\/v2\/project"}],"about":[{"href":"https:\/\/origen100x100.com\/cat\/wp-json\/wp\/v2\/types\/project"}],"author":[{"embeddable":true,"href":"https:\/\/origen100x100.com\/cat\/wp-json\/wp\/v2\/users\/3"}],"replies":[{"embeddable":true,"href":"https:\/\/origen100x100.com\/cat\/wp-json\/wp\/v2\/comments?post=3387"}],"version-history":[{"count":0,"href":"https:\/\/origen100x100.com\/cat\/wp-json\/wp\/v2\/project\/3387\/revisions"}],"wp:featuredmedia":[{"embeddable":true,"href":"https:\/\/origen100x100.com\/cat\/wp-json\/wp\/v2\/media\/3390"}],"wp:attachment":[{"href":"https:\/\/origen100x100.com\/cat\/wp-json\/wp\/v2\/media?parent=3387"}],"wp:term":[{"taxonomy":"project_category","embeddable":true,"href":"https:\/\/origen100x100.com\/cat\/wp-json\/wp\/v2\/project_category?post=3387"},{"taxonomy":"project_tag","embeddable":true,"href":"https:\/\/origen100x100.com\/cat\/wp-json\/wp\/v2\/project_tag?post=3387"}],"curies":[{"name":"wp","href":"https:\/\/api.w.org\/{rel}","templated":true}]}}